{"id":61,"date":"2023-06-02T12:13:22","date_gmt":"2023-06-02T10:13:22","guid":{"rendered":"https:\/\/www.bestwestern-vannescentre.com\/?page_id=61"},"modified":"2025-06-26T11:11:01","modified_gmt":"2025-06-26T09:11:01","slug":"restaurant-vannes-centre","status":"publish","type":"page","link":"https:\/\/www.bestwestern-vannescentre.com\/de\/restaurant-vannes-centre\/","title":{"rendered":"Restaurant"},"content":{"rendered":"<div data-elementor-type=\"wp-page\" data-elementor-id=\"61\" class=\"elementor elementor-61\" data-elementor-post-type=\"page\">\n\t\t\t\t<div class=\"elementor-element elementor-element-22f02cb e-con-full e-flex e-con e-parent\" data-id=\"22f02cb\" data-element_type=\"container\" id=\"top\" data-settings=\"{&quot;background_background&quot;:&quot;classic&quot;}\">\n\t\t\t\t<div class=\"elementor-element elementor-element-fc79fd3 elementor-widget elementor-widget-heading\" data-id=\"fc79fd3\" data-element_type=\"widget\" data-widget_type=\"heading.default\">\n\t\t\t\t<div class=\"elementor-widget-container\">\n\t\t\t\t\t<span class=\"elementor-heading-title elementor-size-default\">C\u00f4t\u00e9 Patio<\/span>\t\t\t\t<\/div>\n\t\t\t\t<\/div>\n\t\t\t\t<div class=\"elementor-element elementor-element-5971032 elementor-widget elementor-widget-heading\" data-id=\"5971032\" data-element_type=\"widget\" data-widget_type=\"heading.default\">\n\t\t\t\t<div class=\"elementor-widget-container\">\n\t\t\t\t\t<h1 class=\"elementor-heading-title elementor-size-default\">Ihr Restaurant in Vannes Zentrum<\/h1>\t\t\t\t<\/div>\n\t\t\t\t<\/div>\n\t\t\t\t<\/div>\n\t\t<div class=\"elementor-element elementor-element-4ed1f65 e-flex e-con-boxed e-con e-parent\" data-id=\"4ed1f65\" data-element_type=\"container\" id=\"first-content\" data-settings=\"{&quot;background_background&quot;:&quot;classic&quot;}\">\n\t\t\t\t\t<div class=\"e-con-inner\">\n\t\t\t\t<div class=\"elementor-element elementor-element-f0726ba elementor-blockquote--skin-quotation elementor-blockquote--align-center elementor-widget elementor-widget-blockquote\" data-id=\"f0726ba\" data-element_type=\"widget\" data-widget_type=\"blockquote.default\">\n\t\t\t\t<div class=\"elementor-widget-container\">\n\t\t\t\t\t\t\t<blockquote class=\"elementor-blockquote\">\n\t\t\t<p class=\"elementor-blockquote__content\">\n\t\t\t\tMan kann nicht kochen, wenn man die Menschen nicht mag\t\t\t<\/p>\n\t\t\t\t\t<\/blockquote>\n\t\t\t\t\t\t<\/div>\n\t\t\t\t<\/div>\n\t\t\t\t<div class=\"elementor-element elementor-element-30521ca elementor-widget elementor-widget-text-editor\" data-id=\"30521ca\" data-element_type=\"widget\" data-widget_type=\"text-editor.default\">\n\t\t\t\t<div class=\"elementor-widget-container\">\n\t\t\t\t\t\t\t\t\t<p>Unser Innenhof ist eine kleine Oase der Ruhe f\u00fcr eine ruhige Lesestunde, ein gem\u00fctliches Fr\u00fchst\u00fcck, ein Abendessen auf der Terrasse oder einfach nur f\u00fcr eine Erfrischung.<\/p>\t\t\t\t\t\t\t\t<\/div>\n\t\t\t\t<\/div>\n\t\t\t\t\t<\/div>\n\t\t\t\t<\/div>\n\t\t<div class=\"elementor-element elementor-element-a87a7dc e-con-full e-flex e-con e-parent\" data-id=\"a87a7dc\" data-element_type=\"container\" data-settings=\"{&quot;background_background&quot;:&quot;classic&quot;}\">\n\t\t<div class=\"elementor-element elementor-element-af02bfb e-con-full e-flex e-con e-child\" data-id=\"af02bfb\" data-element_type=\"container\">\n\t\t\t\t<div class=\"elementor-element elementor-element-83aa938 elementor-widget elementor-widget-image\" data-id=\"83aa938\" data-element_type=\"widget\" data-widget_type=\"image.default\">\n\t\t\t\t<div class=\"elementor-widget-container\">\n\t\t\t\t\t\t\t\t\t\t\t\t\t\t\t<img fetchpriority=\"high\" decoding=\"async\" width=\"800\" height=\"534\" src=\"https:\/\/www.bestwestern-vannescentre.com\/wp-content\/uploads\/2024\/06\/Cote-patio-Terrasse-restaurant-1024x683.png\" class=\"attachment-large size-large wp-image-3839\" alt=\"\" srcset=\"https:\/\/www.bestwestern-vannescentre.com\/wp-content\/uploads\/2024\/06\/Cote-patio-Terrasse-restaurant-1024x683.png 1024w, https:\/\/www.bestwestern-vannescentre.com\/wp-content\/uploads\/2024\/06\/Cote-patio-Terrasse-restaurant-300x200.png 300w, https:\/\/www.bestwestern-vannescentre.com\/wp-content\/uploads\/2024\/06\/Cote-patio-Terrasse-restaurant-768x512.png 768w, https:\/\/www.bestwestern-vannescentre.com\/wp-content\/uploads\/2024\/06\/Cote-patio-Terrasse-restaurant-1536x1024.png 1536w, https:\/\/www.bestwestern-vannescentre.com\/wp-content\/uploads\/2024\/06\/Cote-patio-Terrasse-restaurant-18x12.png 18w, https:\/\/www.bestwestern-vannescentre.com\/wp-content\/uploads\/2024\/06\/Cote-patio-Terrasse-restaurant.png 2048w\" sizes=\"(max-width: 800px) 100vw, 800px\" title=\"\">\t\t\t\t\t\t\t\t\t\t\t\t\t\t\t<\/div>\n\t\t\t\t<\/div>\n\t\t<div class=\"elementor-element elementor-element-9e42821 e-flex e-con-boxed e-con e-child\" data-id=\"9e42821\" data-element_type=\"container\">\n\t\t\t\t\t<div class=\"e-con-inner\">\n\t\t\t\t\t<\/div>\n\t\t\t\t<\/div>\n\t\t<div class=\"elementor-element elementor-element-e887146 e-flex e-con-boxed e-con e-child\" data-id=\"e887146\" data-element_type=\"container\">\n\t\t\t\t\t<div class=\"e-con-inner\">\n\t\t\t\t\t<\/div>\n\t\t\t\t<\/div>\n\t\t\t\t<\/div>\n\t\t<div class=\"elementor-element elementor-element-b25a356 e-con-full e-flex e-con e-child\" data-id=\"b25a356\" data-element_type=\"container\">\n\t\t\t\t<div class=\"elementor-element elementor-element-e2a0d69 elementor-widget elementor-widget-heading\" data-id=\"e2a0d69\" data-element_type=\"widget\" data-widget_type=\"heading.default\">\n\t\t\t\t<div class=\"elementor-widget-container\">\n\t\t\t\t\t<h2 class=\"elementor-heading-title elementor-size-default\">Ein Restaurant im Herzen von Vannes<\/h2>\t\t\t\t<\/div>\n\t\t\t\t<\/div>\n\t\t\t\t<div class=\"elementor-element elementor-element-688b842 elementor-widget elementor-widget-heading\" data-id=\"688b842\" data-element_type=\"widget\" data-widget_type=\"heading.default\">\n\t\t\t\t<div class=\"elementor-widget-container\">\n\t\t\t\t\t<span class=\"elementor-heading-title elementor-size-default\">C\u00f4t\u00e9 Patio<\/span>\t\t\t\t<\/div>\n\t\t\t\t<\/div>\n\t\t\t\t<div class=\"elementor-element elementor-element-6dbfcfa elementor-widget elementor-widget-text-editor\" data-id=\"6dbfcfa\" data-element_type=\"widget\" data-widget_type=\"text-editor.default\">\n\t\t\t\t<div class=\"elementor-widget-container\">\n\t\t\t\t\t\t\t\t\t<p>Unser Restaurant im Herzen von Vannes empf\u00e4ngt Sie an jedem Tag der Woche von 19 Uhr bis 21.30 Uhr. Speisen Sie je nach Lust und Laune drinnen oder auf der Terrasse, dank unseres farbenfrohen Innenhofs!<\/p>\t\t\t\t\t\t\t\t<\/div>\n\t\t\t\t<\/div>\n\t\t<div class=\"elementor-element elementor-element-66a8210 e-con-full button-wrapper e-flex e-con e-child\" data-id=\"66a8210\" data-element_type=\"container\">\n\t\t\t\t<div class=\"elementor-element elementor-element-12ace12 elementor-widget elementor-widget-button\" data-id=\"12ace12\" data-element_type=\"widget\" data-widget_type=\"button.default\">\n\t\t\t\t<div class=\"elementor-widget-container\">\n\t\t\t\t\t\t\t\t\t<div class=\"elementor-button-wrapper\">\n\t\t\t\t\t<a class=\"elementor-button elementor-button-link elementor-size-sm\" href=\"https:\/\/www.assiwa.fr\/medias\/bw\/Cote%20Patio%20-%20Carte%20de%20restaurant.pdf\" target=\"_blank\" rel=\"nofollow noopener\">\n\t\t\t\t\t\t<span class=\"elementor-button-content-wrapper\">\n\t\t\t\t\t\t\t\t\t<span class=\"elementor-button-text\">Siehe Karte<\/span>\n\t\t\t\t\t<\/span>\n\t\t\t\t\t<\/a>\n\t\t\t\t<\/div>\n\t\t\t\t\t\t\t\t<\/div>\n\t\t\t\t<\/div>\n\t\t\t\t<\/div>\n\t\t\t\t<\/div>\n\t\t\t\t<\/div>\n\t\t<div class=\"elementor-element elementor-element-a8e2822 e-con-full e-flex e-con e-parent\" data-id=\"a8e2822\" data-element_type=\"container\" data-settings=\"{&quot;background_background&quot;:&quot;classic&quot;}\">\n\t\t<div class=\"elementor-element elementor-element-6cd572b e-con-full e-flex e-con e-child\" data-id=\"6cd572b\" data-element_type=\"container\">\n\t\t\t\t<div class=\"elementor-element elementor-element-ba48854 elementor-widget elementor-widget-heading\" data-id=\"ba48854\" data-element_type=\"widget\" data-widget_type=\"heading.default\">\n\t\t\t\t<div class=\"elementor-widget-container\">\n\t\t\t\t\t<span class=\"elementor-heading-title elementor-size-default\">Einfache und leckere K\u00fcche<\/span>\t\t\t\t<\/div>\n\t\t\t\t<\/div>\n\t\t\t\t<div class=\"elementor-element elementor-element-1a51719 elementor-widget elementor-widget-heading\" data-id=\"1a51719\" data-element_type=\"widget\" data-widget_type=\"heading.default\">\n\t\t\t\t<div class=\"elementor-widget-container\">\n\t\t\t\t\t<h2 class=\"elementor-heading-title elementor-size-default\">in Ihrem Restaurant im Zentrum von Vannes<\/h2>\t\t\t\t<\/div>\n\t\t\t\t<\/div>\n\t\t\t\t<div class=\"elementor-element elementor-element-1979297 elementor-widget elementor-widget-text-editor\" data-id=\"1979297\" data-element_type=\"widget\" data-widget_type=\"text-editor.default\">\n\t\t\t\t<div class=\"elementor-widget-container\">\n\t\t\t\t\t\t\t\t\t<p>Konsequent zeitgem\u00e4\u00df im Ansatz, bietet Ihnen unser Restaurant im Zentrum von Vannes eine einfache und leckere K\u00fcche in einem modernen und tropischen Ambiente. Die Speisekarte besteht aus Tapas, Brettern, Desserts und einem Tagesmen\u00fc. Mit seiner Terrasse, einer wahren Oase der Ruhe im Herzen von Vannes, l\u00e4dt Sie unsere zeitgen\u00f6ssische Brasserie zum Essen und Schlemmen in absoluter Privatsph\u00e4re ein.<\/p><p>\u00a0<\/p><p>Genie\u00dfen Sie einige Gerichte auf die Schnelle bei einem Glas! Auswahl an Weinen und Spirituosen f\u00fcr Weinliebhaber sowie Tapas und Brettchen f\u00fcr diejenigen, die sich gerne etwas g\u00f6nnen.<\/p><p>\u00a0<\/p><p>Organisieren Sie Ihr Gruppenessen, indem Sie das Restaurant privatisieren: private Veranstaltungen (Geburtstag, Pensionierung, Taufe usw.), Gesch\u00e4ftsessen, Teamessen, Seminaressen...<\/p>\t\t\t\t\t\t\t\t<\/div>\n\t\t\t\t<\/div>\n\t\t<div class=\"elementor-element elementor-element-cfe1e25 e-con-full button-wrapper e-flex e-con e-child\" data-id=\"cfe1e25\" data-element_type=\"container\">\n\t\t\t\t<div class=\"elementor-element elementor-element-a06882a elementor-align-right elementor-widget elementor-widget-button\" data-id=\"a06882a\" data-element_type=\"widget\" data-widget_type=\"button.default\">\n\t\t\t\t<div class=\"elementor-widget-container\">\n\t\t\t\t\t\t\t\t\t<div class=\"elementor-button-wrapper\">\n\t\t\t\t\t<a class=\"elementor-button elementor-button-link elementor-size-sm\" href=\"https:\/\/www.bestwestern-vannescentre.com\/de\/seminar-vannes\/#booking-seminar\" target=\"_blank\">\n\t\t\t\t\t\t<span class=\"elementor-button-content-wrapper\">\n\t\t\t\t\t\t\t\t\t<span class=\"elementor-button-text\">Kostenvoranschlag f\u00fcr eine Gruppe<\/span>\n\t\t\t\t\t<\/span>\n\t\t\t\t\t<\/a>\n\t\t\t\t<\/div>\n\t\t\t\t\t\t\t\t<\/div>\n\t\t\t\t<\/div>\n\t\t\t\t<\/div>\n\t\t\t\t<\/div>\n\t\t<div class=\"elementor-element elementor-element-fbfdb5b e-con-full e-flex e-con e-child\" data-id=\"fbfdb5b\" data-element_type=\"container\">\n\t\t\t\t<div class=\"elementor-element elementor-element-63de426 e-transform elementor-widget elementor-widget-image\" data-id=\"63de426\" data-element_type=\"widget\" data-settings=\"{&quot;_transform_translateX_effect&quot;:{&quot;unit&quot;:&quot;px&quot;,&quot;size&quot;:-50,&quot;sizes&quot;:[]},&quot;_transform_translateX_effect_tablet&quot;:{&quot;unit&quot;:&quot;px&quot;,&quot;size&quot;:0,&quot;sizes&quot;:[]},&quot;_transform_translateY_effect&quot;:{&quot;unit&quot;:&quot;px&quot;,&quot;size&quot;:-50,&quot;sizes&quot;:[]},&quot;_transform_translateY_effect_tablet&quot;:{&quot;unit&quot;:&quot;px&quot;,&quot;size&quot;:0,&quot;sizes&quot;:[]},&quot;_transform_translateX_effect_mobile&quot;:{&quot;unit&quot;:&quot;px&quot;,&quot;size&quot;:&quot;&quot;,&quot;sizes&quot;:[]},&quot;_transform_translateY_effect_mobile&quot;:{&quot;unit&quot;:&quot;px&quot;,&quot;size&quot;:&quot;&quot;,&quot;sizes&quot;:[]}}\" data-widget_type=\"image.default\">\n\t\t\t\t<div class=\"elementor-widget-container\">\n\t\t\t\t\t\t\t\t\t\t\t\t\t\t\t<img decoding=\"async\" width=\"2048\" height=\"1365\" src=\"https:\/\/www.bestwestern-vannescentre.com\/wp-content\/uploads\/2024\/06\/Restaurant-Cote-patio-plat.png\" class=\"attachment-full size-full wp-image-3835\" alt=\"\" srcset=\"https:\/\/www.bestwestern-vannescentre.com\/wp-content\/uploads\/2024\/06\/Restaurant-Cote-patio-plat.png 2048w, https:\/\/www.bestwestern-vannescentre.com\/wp-content\/uploads\/2024\/06\/Restaurant-Cote-patio-plat-300x200.png 300w, https:\/\/www.bestwestern-vannescentre.com\/wp-content\/uploads\/2024\/06\/Restaurant-Cote-patio-plat-1024x683.png 1024w, https:\/\/www.bestwestern-vannescentre.com\/wp-content\/uploads\/2024\/06\/Restaurant-Cote-patio-plat-768x512.png 768w, https:\/\/www.bestwestern-vannescentre.com\/wp-content\/uploads\/2024\/06\/Restaurant-Cote-patio-plat-1536x1024.png 1536w, https:\/\/www.bestwestern-vannescentre.com\/wp-content\/uploads\/2024\/06\/Restaurant-Cote-patio-plat-18x12.png 18w\" sizes=\"(max-width: 2048px) 100vw, 2048px\" title=\"\">\t\t\t\t\t\t\t\t\t\t\t\t\t\t\t<\/div>\n\t\t\t\t<\/div>\n\t\t<div class=\"elementor-element elementor-element-73ad00a e-transform e-flex e-con-boxed e-con e-child\" data-id=\"73ad00a\" data-element_type=\"container\" data-settings=\"{&quot;_transform_translateX_effect&quot;:{&quot;unit&quot;:&quot;px&quot;,&quot;size&quot;:-50,&quot;sizes&quot;:[]},&quot;_transform_translateX_effect_tablet&quot;:{&quot;unit&quot;:&quot;px&quot;,&quot;size&quot;:5,&quot;sizes&quot;:[]},&quot;_transform_translateY_effect&quot;:{&quot;unit&quot;:&quot;px&quot;,&quot;size&quot;:-50,&quot;sizes&quot;:[]},&quot;_transform_translateY_effect_tablet&quot;:{&quot;unit&quot;:&quot;px&quot;,&quot;size&quot;:5,&quot;sizes&quot;:[]},&quot;_transform_translateX_effect_mobile&quot;:{&quot;unit&quot;:&quot;px&quot;,&quot;size&quot;:&quot;&quot;,&quot;sizes&quot;:[]},&quot;_transform_translateY_effect_mobile&quot;:{&quot;unit&quot;:&quot;px&quot;,&quot;size&quot;:&quot;&quot;,&quot;sizes&quot;:[]}}\">\n\t\t\t\t\t<div class=\"e-con-inner\">\n\t\t\t\t\t<\/div>\n\t\t\t\t<\/div>\n\t\t<div class=\"elementor-element elementor-element-b3e68dc e-con-full e-flex e-con e-child\" data-id=\"b3e68dc\" data-element_type=\"container\" data-settings=\"{&quot;background_background&quot;:&quot;classic&quot;,&quot;position&quot;:&quot;absolute&quot;}\">\n\t\t\t\t<\/div>\n\t\t\t\t<\/div>\n\t\t\t\t<\/div>\n\t\t<div class=\"elementor-element elementor-element-7c3d02a e-con-full e-flex e-con e-parent\" data-id=\"7c3d02a\" data-element_type=\"container\" data-settings=\"{&quot;background_background&quot;:&quot;classic&quot;}\">\n\t\t<div class=\"elementor-element elementor-element-c29e0fd e-con-full e-flex e-con e-child\" data-id=\"c29e0fd\" data-element_type=\"container\" data-settings=\"{&quot;background_background&quot;:&quot;classic&quot;}\">\n\t\t\t\t<div class=\"elementor-element elementor-element-426ac7f elementor-widget elementor-widget-heading\" data-id=\"426ac7f\" data-element_type=\"widget\" data-widget_type=\"heading.default\">\n\t\t\t\t<div class=\"elementor-widget-container\">\n\t\t\t\t\t<h2 class=\"elementor-heading-title elementor-size-default\">Die Bar<\/h2>\t\t\t\t<\/div>\n\t\t\t\t<\/div>\n\t\t\t\t<div class=\"elementor-element elementor-element-83a3580 elementor-widget-divider--view-line_icon elementor-view-default elementor-widget-divider--element-align-center elementor-widget elementor-widget-global elementor-global-364 elementor-widget-divider\" data-id=\"83a3580\" data-element_type=\"widget\" data-widget_type=\"divider.default\">\n\t\t\t\t<div class=\"elementor-widget-container\">\n\t\t\t\t\t\t\t<div class=\"elementor-divider\">\n\t\t\t<span class=\"elementor-divider-separator\">\n\t\t\t\t\t\t\t<div class=\"elementor-icon elementor-divider__element\">\n\t\t\t\t\t<i aria-hidden=\"true\" class=\"fas fa-dot-circle\"><\/i><\/div>\n\t\t\t\t\t\t<\/span>\n\t\t<\/div>\n\t\t\t\t\t\t<\/div>\n\t\t\t\t<\/div>\n\t\t\t\t<div class=\"elementor-element elementor-element-6bc89f5 elementor-widget elementor-widget-heading\" data-id=\"6bc89f5\" data-element_type=\"widget\" data-widget_type=\"heading.default\">\n\t\t\t\t<div class=\"elementor-widget-container\">\n\t\t\t\t\t<span class=\"elementor-heading-title elementor-size-default\">Machen Sie eine Pause<\/span>\t\t\t\t<\/div>\n\t\t\t\t<\/div>\n\t\t\t\t<div class=\"elementor-element elementor-element-048a4fd elementor-widget elementor-widget-text-editor\" data-id=\"048a4fd\" data-element_type=\"widget\" data-widget_type=\"text-editor.default\">\n\t\t\t\t<div class=\"elementor-widget-container\">\n\t\t\t\t\t\t\t\t\t<p>Unsere Bar bietet Ihnen eine entspannende Pause oder einen geselligen Moment mit Freunden. Genie\u00dfen Sie eine gro\u00dfe Auswahl an Qualit\u00e4tsweinen, die von unserem Team sorgf\u00e4ltig ausgew\u00e4hlt wurden. Gourmet-Snacks k\u00f6nnen rund um die Uhr auf Ihrem Zimmer oder in der Bar serviert werden.<\/p>\t\t\t\t\t\t\t\t<\/div>\n\t\t\t\t<\/div>\n\t\t\t\t<\/div>\n\t\t\t\t<\/div>\n\t\t<div class=\"elementor-element elementor-element-571029b e-con-full e-flex e-con e-parent\" data-id=\"571029b\" data-element_type=\"container\" data-settings=\"{&quot;background_background&quot;:&quot;classic&quot;}\">\n\t\t<div class=\"elementor-element elementor-element-4c030ab e-con-full e-flex e-con e-child\" data-id=\"4c030ab\" data-element_type=\"container\">\n\t\t\t\t<div class=\"elementor-element elementor-element-c4c7afb elementor-widget elementor-widget-image\" data-id=\"c4c7afb\" data-element_type=\"widget\" data-widget_type=\"image.default\">\n\t\t\t\t<div class=\"elementor-widget-container\">\n\t\t\t\t\t\t\t\t\t\t\t\t\t\t\t<img decoding=\"async\" width=\"683\" height=\"1024\" src=\"https:\/\/www.bestwestern-vannescentre.com\/wp-content\/uploads\/2024\/06\/PDJ-en-chambre-683x1024.png\" class=\"attachment-large size-large wp-image-3855\" alt=\"\" srcset=\"https:\/\/www.bestwestern-vannescentre.com\/wp-content\/uploads\/2024\/06\/PDJ-en-chambre-683x1024.png 683w, https:\/\/www.bestwestern-vannescentre.com\/wp-content\/uploads\/2024\/06\/PDJ-en-chambre-200x300.png 200w, https:\/\/www.bestwestern-vannescentre.com\/wp-content\/uploads\/2024\/06\/PDJ-en-chambre-768x1152.png 768w, https:\/\/www.bestwestern-vannescentre.com\/wp-content\/uploads\/2024\/06\/PDJ-en-chambre-1024x1536.png 1024w, https:\/\/www.bestwestern-vannescentre.com\/wp-content\/uploads\/2024\/06\/PDJ-en-chambre-8x12.png 8w, https:\/\/www.bestwestern-vannescentre.com\/wp-content\/uploads\/2024\/06\/PDJ-en-chambre.png 1365w\" sizes=\"(max-width: 683px) 100vw, 683px\" title=\"\">\t\t\t\t\t\t\t\t\t\t\t\t\t\t\t<\/div>\n\t\t\t\t<\/div>\n\t\t<div class=\"elementor-element elementor-element-c1a2689 e-flex e-con-boxed e-con e-child\" data-id=\"c1a2689\" data-element_type=\"container\">\n\t\t\t\t\t<div class=\"e-con-inner\">\n\t\t\t\t\t<\/div>\n\t\t\t\t<\/div>\n\t\t<div class=\"elementor-element elementor-element-d4f5aba e-flex e-con-boxed e-con e-child\" data-id=\"d4f5aba\" data-element_type=\"container\">\n\t\t\t\t\t<div class=\"e-con-inner\">\n\t\t\t\t\t<\/div>\n\t\t\t\t<\/div>\n\t\t\t\t<\/div>\n\t\t<div class=\"elementor-element elementor-element-7beaf0d e-con-full e-flex e-con e-child\" data-id=\"7beaf0d\" data-element_type=\"container\">\n\t\t\t\t<div class=\"elementor-element elementor-element-8ed77e4 elementor-widget elementor-widget-heading\" data-id=\"8ed77e4\" data-element_type=\"widget\" data-widget_type=\"heading.default\">\n\t\t\t\t<div class=\"elementor-widget-container\">\n\t\t\t\t\t<h2 class=\"elementor-heading-title elementor-size-default\">Fr\u00fchst\u00fcck<\/h2>\t\t\t\t<\/div>\n\t\t\t\t<\/div>\n\t\t\t\t<div class=\"elementor-element elementor-element-9b0118d elementor-widget elementor-widget-heading\" data-id=\"9b0118d\" data-element_type=\"widget\" data-widget_type=\"heading.default\">\n\t\t\t\t<div class=\"elementor-widget-container\">\n\t\t\t\t\t<span class=\"elementor-heading-title elementor-size-default\">F\u00fcr einen guten Start in den Tag<\/span>\t\t\t\t<\/div>\n\t\t\t\t<\/div>\n\t\t\t\t<div class=\"elementor-element elementor-element-db41059 elementor-widget elementor-widget-text-editor\" data-id=\"db41059\" data-element_type=\"widget\" data-widget_type=\"text-editor.default\">\n\t\t\t\t<div class=\"elementor-widget-container\">\n\t\t\t\t\t\t\t\t\t<p>F\u00fcr Ihr Fr\u00fchst\u00fcck steht Ihnen t\u00e4glich zwischen 06:00 und 10:00 Uhr und am Wochenende bis 10:30 Uhr ein s\u00fc\u00dfes und salziges All-you-can-eat-Buffet zur Verf\u00fcgung. Das Fr\u00fchst\u00fcck kann ohne Aufpreis auch auf dem Zimmer serviert werden. Bei fr\u00fchzeitiger Abreise steht Ihnen au\u00dferdem ein Expressangebot zur Verf\u00fcgung.<\/p><p>Tarif: 17\u20ac - G<span style=\"color: var( --e-global-color-text ); font-family: var( --e-global-typography-text-font-family ), Sans-serif; font-size: var( --e-global-typography-text-font-size ); font-style: var( --e-global-typography-text-font-style ); font-weight: var( --e-global-typography-text-font-weight ); text-transform: var( --e-global-typography-text-text-transform ); background-color: var( --e-global-color-secondary );\">ratis f\u00fcr Kinder unter 12 Jahren.<\/span><\/p>\t\t\t\t\t\t\t\t<\/div>\n\t\t\t\t<\/div>\n\t\t\t\t<\/div>\n\t\t\t\t<\/div>\n\t\t<div class=\"elementor-element elementor-element-94c6fe5 e-flex e-con-boxed e-con e-parent\" data-id=\"94c6fe5\" data-element_type=\"container\">\n\t\t\t\t\t<div class=\"e-con-inner\">\n\t\t\t\t<div class=\"elementor-element elementor-element-ee86a9c elementor-widget elementor-widget-gallery\" data-id=\"ee86a9c\" data-element_type=\"widget\" data-settings=\"{&quot;columns&quot;:3,&quot;aspect_ratio&quot;:&quot;1:1&quot;,&quot;lazyload&quot;:&quot;yes&quot;,&quot;gallery_layout&quot;:&quot;grid&quot;,&quot;columns_tablet&quot;:2,&quot;columns_mobile&quot;:1,&quot;gap&quot;:{&quot;unit&quot;:&quot;px&quot;,&quot;size&quot;:10,&quot;sizes&quot;:[]},&quot;gap_tablet&quot;:{&quot;unit&quot;:&quot;px&quot;,&quot;size&quot;:10,&quot;sizes&quot;:[]},&quot;gap_mobile&quot;:{&quot;unit&quot;:&quot;px&quot;,&quot;size&quot;:10,&quot;sizes&quot;:[]},&quot;link_to&quot;:&quot;file&quot;,&quot;overlay_background&quot;:&quot;yes&quot;}\" data-widget_type=\"gallery.default\">\n\t\t\t\t<div class=\"elementor-widget-container\">\n\t\t\t\t\t\t\t<div class=\"elementor-gallery__container\">\n\t\t\t\t\t\t\t<a class=\"e-gallery-item elementor-gallery-item\" href=\"https:\/\/www.bestwestern-vannescentre.com\/wp-content\/uploads\/2024\/06\/salle-de-restaurant-Cote-Patio.png\" data-elementor-open-lightbox=\"yes\" data-elementor-lightbox-slideshow=\"ee86a9c\" data-e-action-hash=\"#elementor-action%3Aaction%3Dlightbox%26settings%3DeyJpZCI6MzgzNywidXJsIjoiaHR0cHM6XC9cL3d3dy5iZXN0d2VzdGVybi12YW5uZXNjZW50cmUuY29tXC93cC1jb250ZW50XC91cGxvYWRzXC8yMDI0XC8wNlwvc2FsbGUtZGUtcmVzdGF1cmFudC1Db3RlLVBhdGlvLnBuZyIsInNsaWRlc2hvdyI6ImVlODZhOWMifQ%3D%3D\">\n\t\t\t\t\t<div class=\"e-gallery-image elementor-gallery-item__image\" data-thumbnail=\"https:\/\/www.bestwestern-vannescentre.com\/wp-content\/uploads\/2024\/06\/salle-de-restaurant-Cote-Patio.png\" data-width=\"2048\" data-height=\"1365\" aria-label=\"\" role=\"img\" ><\/div>\n\t\t\t\t\t\t\t\t\t\t\t<div class=\"elementor-gallery-item__overlay\"><\/div>\n\t\t\t\t\t\t\t\t\t\t\t\t\t\t<\/a>\n\t\t\t\t\t\t\t<a class=\"e-gallery-item elementor-gallery-item\" href=\"https:\/\/www.bestwestern-vannescentre.com\/wp-content\/uploads\/2024\/06\/Cote-patio-Terrasse-restaurant.png\" data-elementor-open-lightbox=\"yes\" data-elementor-lightbox-slideshow=\"ee86a9c\" data-e-action-hash=\"#elementor-action%3Aaction%3Dlightbox%26settings%3DeyJpZCI6MzgzOSwidXJsIjoiaHR0cHM6XC9cL3d3dy5iZXN0d2VzdGVybi12YW5uZXNjZW50cmUuY29tXC93cC1jb250ZW50XC91cGxvYWRzXC8yMDI0XC8wNlwvQ290ZS1wYXRpby1UZXJyYXNzZS1yZXN0YXVyYW50LnBuZyIsInNsaWRlc2hvdyI6ImVlODZhOWMifQ%3D%3D\">\n\t\t\t\t\t<div class=\"e-gallery-image elementor-gallery-item__image\" data-thumbnail=\"https:\/\/www.bestwestern-vannescentre.com\/wp-content\/uploads\/2024\/06\/Cote-patio-Terrasse-restaurant.png\" data-width=\"2048\" data-height=\"1365\" aria-label=\"\" role=\"img\" ><\/div>\n\t\t\t\t\t\t\t\t\t\t\t<div class=\"elementor-gallery-item__overlay\"><\/div>\n\t\t\t\t\t\t\t\t\t\t\t\t\t\t<\/a>\n\t\t\t\t\t\t\t<a class=\"e-gallery-item elementor-gallery-item\" href=\"https:\/\/www.bestwestern-vannescentre.com\/wp-content\/uploads\/2024\/06\/Terrasse-dans-le-patio.png\" data-elementor-open-lightbox=\"yes\" data-elementor-lightbox-slideshow=\"ee86a9c\" data-e-action-hash=\"#elementor-action%3Aaction%3Dlightbox%26settings%3DeyJpZCI6Mzg0NSwidXJsIjoiaHR0cHM6XC9cL3d3dy5iZXN0d2VzdGVybi12YW5uZXNjZW50cmUuY29tXC93cC1jb250ZW50XC91cGxvYWRzXC8yMDI0XC8wNlwvVGVycmFzc2UtZGFucy1sZS1wYXRpby5wbmciLCJzbGlkZXNob3ciOiJlZTg2YTljIn0%3D\">\n\t\t\t\t\t<div class=\"e-gallery-image elementor-gallery-item__image\" data-thumbnail=\"https:\/\/www.bestwestern-vannescentre.com\/wp-content\/uploads\/2024\/06\/Terrasse-dans-le-patio.png\" data-width=\"2048\" data-height=\"1365\" aria-label=\"\" role=\"img\" ><\/div>\n\t\t\t\t\t\t\t\t\t\t\t<div class=\"elementor-gallery-item__overlay\"><\/div>\n\t\t\t\t\t\t\t\t\t\t\t\t\t\t<\/a>\n\t\t\t\t\t\t\t<a class=\"e-gallery-item elementor-gallery-item\" href=\"https:\/\/www.bestwestern-vannescentre.com\/wp-content\/uploads\/2024\/06\/Salon-bar-restaurant.png\" data-elementor-open-lightbox=\"yes\" data-elementor-lightbox-slideshow=\"ee86a9c\" data-e-action-hash=\"#elementor-action%3Aaction%3Dlightbox%26settings%3DeyJpZCI6Mzg0MiwidXJsIjoiaHR0cHM6XC9cL3d3dy5iZXN0d2VzdGVybi12YW5uZXNjZW50cmUuY29tXC93cC1jb250ZW50XC91cGxvYWRzXC8yMDI0XC8wNlwvU2Fsb24tYmFyLXJlc3RhdXJhbnQucG5nIiwic2xpZGVzaG93IjoiZWU4NmE5YyJ9\">\n\t\t\t\t\t<div class=\"e-gallery-image elementor-gallery-item__image\" data-thumbnail=\"https:\/\/www.bestwestern-vannescentre.com\/wp-content\/uploads\/2024\/06\/Salon-bar-restaurant.png\" data-width=\"2048\" data-height=\"1365\" aria-label=\"\" role=\"img\" ><\/div>\n\t\t\t\t\t\t\t\t\t\t\t<div class=\"elementor-gallery-item__overlay\"><\/div>\n\t\t\t\t\t\t\t\t\t\t\t\t\t\t<\/a>\n\t\t\t\t\t\t\t<a class=\"e-gallery-item elementor-gallery-item\" href=\"https:\/\/www.bestwestern-vannescentre.com\/wp-content\/uploads\/2024\/06\/Restaurant-repas-groupe.png\" data-elementor-open-lightbox=\"yes\" data-elementor-lightbox-slideshow=\"ee86a9c\" data-e-action-hash=\"#elementor-action%3Aaction%3Dlightbox%26settings%3DeyJpZCI6MzgzNiwidXJsIjoiaHR0cHM6XC9cL3d3dy5iZXN0d2VzdGVybi12YW5uZXNjZW50cmUuY29tXC93cC1jb250ZW50XC91cGxvYWRzXC8yMDI0XC8wNlwvUmVzdGF1cmFudC1yZXBhcy1ncm91cGUucG5nIiwic2xpZGVzaG93IjoiZWU4NmE5YyJ9\">\n\t\t\t\t\t<div class=\"e-gallery-image elementor-gallery-item__image\" data-thumbnail=\"https:\/\/www.bestwestern-vannescentre.com\/wp-content\/uploads\/2024\/06\/Restaurant-repas-groupe.png\" data-width=\"2048\" data-height=\"1365\" aria-label=\"\" role=\"img\" ><\/div>\n\t\t\t\t\t\t\t\t\t\t\t<div class=\"elementor-gallery-item__overlay\"><\/div>\n\t\t\t\t\t\t\t\t\t\t\t\t\t\t<\/a>\n\t\t\t\t\t\t\t<a class=\"e-gallery-item elementor-gallery-item\" href=\"https:\/\/www.bestwestern-vannescentre.com\/wp-content\/uploads\/2024\/06\/Restaurant-Cote-patio-plat.png\" data-elementor-open-lightbox=\"yes\" data-elementor-lightbox-slideshow=\"ee86a9c\" data-e-action-hash=\"#elementor-action%3Aaction%3Dlightbox%26settings%3DeyJpZCI6MzgzNSwidXJsIjoiaHR0cHM6XC9cL3d3dy5iZXN0d2VzdGVybi12YW5uZXNjZW50cmUuY29tXC93cC1jb250ZW50XC91cGxvYWRzXC8yMDI0XC8wNlwvUmVzdGF1cmFudC1Db3RlLXBhdGlvLXBsYXQucG5nIiwic2xpZGVzaG93IjoiZWU4NmE5YyJ9\">\n\t\t\t\t\t<div class=\"e-gallery-image elementor-gallery-item__image\" data-thumbnail=\"https:\/\/www.bestwestern-vannescentre.com\/wp-content\/uploads\/2024\/06\/Restaurant-Cote-patio-plat.png\" data-width=\"2048\" data-height=\"1365\" aria-label=\"\" role=\"img\" ><\/div>\n\t\t\t\t\t\t\t\t\t\t\t<div class=\"elementor-gallery-item__overlay\"><\/div>\n\t\t\t\t\t\t\t\t\t\t\t\t\t\t<\/a>\n\t\t\t\t\t\t\t<a class=\"e-gallery-item elementor-gallery-item\" href=\"https:\/\/www.bestwestern-vannescentre.com\/wp-content\/uploads\/2024\/06\/patio-terrasse-restaurant-Cote-Patio-Vannes-Centre.png\" data-elementor-open-lightbox=\"yes\" data-elementor-lightbox-slideshow=\"ee86a9c\" data-e-action-hash=\"#elementor-action%3Aaction%3Dlightbox%26settings%3DeyJpZCI6MzgzNCwidXJsIjoiaHR0cHM6XC9cL3d3dy5iZXN0d2VzdGVybi12YW5uZXNjZW50cmUuY29tXC93cC1jb250ZW50XC91cGxvYWRzXC8yMDI0XC8wNlwvcGF0aW8tdGVycmFzc2UtcmVzdGF1cmFudC1Db3RlLVBhdGlvLVZhbm5lcy1DZW50cmUucG5nIiwic2xpZGVzaG93IjoiZWU4NmE5YyJ9\">\n\t\t\t\t\t<div class=\"e-gallery-image elementor-gallery-item__image\" data-thumbnail=\"https:\/\/www.bestwestern-vannescentre.com\/wp-content\/uploads\/2024\/06\/patio-terrasse-restaurant-Cote-Patio-Vannes-Centre.png\" data-width=\"2048\" data-height=\"1365\" aria-label=\"\" role=\"img\" ><\/div>\n\t\t\t\t\t\t\t\t\t\t\t<div class=\"elementor-gallery-item__overlay\"><\/div>\n\t\t\t\t\t\t\t\t\t\t\t\t\t\t<\/a>\n\t\t\t\t\t\t\t<a class=\"e-gallery-item elementor-gallery-item\" href=\"https:\/\/www.bestwestern-vannescentre.com\/wp-content\/uploads\/2024\/06\/Bar-Cocktail-Tapas.png\" data-elementor-open-lightbox=\"yes\" data-elementor-lightbox-slideshow=\"ee86a9c\" data-e-action-hash=\"#elementor-action%3Aaction%3Dlightbox%26settings%3DeyJpZCI6Mzg0MCwidXJsIjoiaHR0cHM6XC9cL3d3dy5iZXN0d2VzdGVybi12YW5uZXNjZW50cmUuY29tXC93cC1jb250ZW50XC91cGxvYWRzXC8yMDI0XC8wNlwvQmFyLUNvY2t0YWlsLVRhcGFzLnBuZyIsInNsaWRlc2hvdyI6ImVlODZhOWMifQ%3D%3D\">\n\t\t\t\t\t<div class=\"e-gallery-image elementor-gallery-item__image\" data-thumbnail=\"https:\/\/www.bestwestern-vannescentre.com\/wp-content\/uploads\/2024\/06\/Bar-Cocktail-Tapas.png\" data-width=\"2048\" data-height=\"1365\" aria-label=\"\" role=\"img\" ><\/div>\n\t\t\t\t\t\t\t\t\t\t\t<div class=\"elementor-gallery-item__overlay\"><\/div>\n\t\t\t\t\t\t\t\t\t\t\t\t\t\t<\/a>\n\t\t\t\t\t\t\t<a class=\"e-gallery-item elementor-gallery-item\" href=\"https:\/\/www.bestwestern-vannescentre.com\/wp-content\/uploads\/2024\/06\/Tables-terrasse-restaurant-Cote-Patio-Vannes-patio-hotel-Best-Western-Vannes-Centre.png\" data-elementor-open-lightbox=\"yes\" data-elementor-lightbox-slideshow=\"ee86a9c\" data-e-action-hash=\"#elementor-action%3Aaction%3Dlightbox%26settings%3DeyJpZCI6MzgzOCwidXJsIjoiaHR0cHM6XC9cL3d3dy5iZXN0d2VzdGVybi12YW5uZXNjZW50cmUuY29tXC93cC1jb250ZW50XC91cGxvYWRzXC8yMDI0XC8wNlwvVGFibGVzLXRlcnJhc3NlLXJlc3RhdXJhbnQtQ290ZS1QYXRpby1WYW5uZXMtcGF0aW8taG90ZWwtQmVzdC1XZXN0ZXJuLVZhbm5lcy1DZW50cmUucG5nIiwic2xpZGVzaG93IjoiZWU4NmE5YyJ9\">\n\t\t\t\t\t<div class=\"e-gallery-image elementor-gallery-item__image\" data-thumbnail=\"https:\/\/www.bestwestern-vannescentre.com\/wp-content\/uploads\/2024\/06\/Tables-terrasse-restaurant-Cote-Patio-Vannes-patio-hotel-Best-Western-Vannes-Centre.png\" data-width=\"2048\" data-height=\"1365\" aria-label=\"\" role=\"img\" ><\/div>\n\t\t\t\t\t\t\t\t\t\t\t<div class=\"elementor-gallery-item__overlay\"><\/div>\n\t\t\t\t\t\t\t\t\t\t\t\t\t\t<\/a>\n\t\t\t\t\t<\/div>\n\t\t\t\t\t<\/div>\n\t\t\t\t<\/div>\n\t\t\t\t\t<\/div>\n\t\t\t\t<\/div>\n\t\t<div class=\"elementor-element elementor-element-3d9f7a2 e-flex e-con-boxed e-con e-parent\" data-id=\"3d9f7a2\" data-element_type=\"container\" data-settings=\"{&quot;background_background&quot;:&quot;classic&quot;}\">\n\t\t\t\t\t<div class=\"e-con-inner\">\n\t\t\t\t<div class=\"elementor-element elementor-element-f2da0ef elementor-widget elementor-widget-heading\" data-id=\"f2da0ef\" data-element_type=\"widget\" data-widget_type=\"heading.default\">\n\t\t\t\t<div class=\"elementor-widget-container\">\n\t\t\t\t\t<h2 class=\"elementor-heading-title elementor-size-default\">Siehe auch<\/h2>\t\t\t\t<\/div>\n\t\t\t\t<\/div>\n\t\t\t\t<div class=\"elementor-element elementor-element-7bb72d6 elementor-widget-divider--view-line_icon elementor-view-default elementor-widget-divider--element-align-center elementor-widget elementor-widget-global elementor-global-364 elementor-widget-divider\" data-id=\"7bb72d6\" data-element_type=\"widget\" data-widget_type=\"divider.default\">\n\t\t\t\t<div class=\"elementor-widget-container\">\n\t\t\t\t\t\t\t<div class=\"elementor-divider\">\n\t\t\t<span class=\"elementor-divider-separator\">\n\t\t\t\t\t\t\t<div class=\"elementor-icon elementor-divider__element\">\n\t\t\t\t\t<i aria-hidden=\"true\" class=\"fas fa-dot-circle\"><\/i><\/div>\n\t\t\t\t\t\t<\/span>\n\t\t<\/div>\n\t\t\t\t\t\t<\/div>\n\t\t\t\t<\/div>\n\t\t<div class=\"elementor-element elementor-element-a09c485 e-flex e-con-boxed e-con e-child\" data-id=\"a09c485\" data-element_type=\"container\">\n\t\t\t\t\t<div class=\"e-con-inner\">\n\t\t<div class=\"elementor-element elementor-element-4dfdf12 e-flex e-con-boxed e-con e-child\" data-id=\"4dfdf12\" data-element_type=\"container\">\n\t\t\t\t\t<div class=\"e-con-inner\">\n\t\t\t\t<div class=\"elementor-element elementor-element-c9e5104 animated-slow elementor-invisible elementor-widget elementor-widget-image\" data-id=\"c9e5104\" data-element_type=\"widget\" data-settings=\"{&quot;_animation&quot;:&quot;fadeIn&quot;,&quot;_animation_delay&quot;:500}\" data-widget_type=\"image.default\">\n\t\t\t\t<div class=\"elementor-widget-container\">\n\t\t\t\t\t\t\t\t\t\t\t\t\t\t\t\t<a href=\"https:\/\/www.bestwestern-vannescentre.com\/de\/seminar-vannes\/\">\n\t\t\t\t\t\t\t<img loading=\"lazy\" decoding=\"async\" width=\"2048\" height=\"1365\" src=\"https:\/\/www.bestwestern-vannescentre.com\/wp-content\/uploads\/2024\/06\/Restaurant-repas-groupe-1.png\" class=\"elementor-animation-sink attachment-full size-full wp-image-3865\" alt=\"\" srcset=\"https:\/\/www.bestwestern-vannescentre.com\/wp-content\/uploads\/2024\/06\/Restaurant-repas-groupe-1.png 2048w, https:\/\/www.bestwestern-vannescentre.com\/wp-content\/uploads\/2024\/06\/Restaurant-repas-groupe-1-300x200.png 300w, https:\/\/www.bestwestern-vannescentre.com\/wp-content\/uploads\/2024\/06\/Restaurant-repas-groupe-1-1024x683.png 1024w, https:\/\/www.bestwestern-vannescentre.com\/wp-content\/uploads\/2024\/06\/Restaurant-repas-groupe-1-768x512.png 768w, https:\/\/www.bestwestern-vannescentre.com\/wp-content\/uploads\/2024\/06\/Restaurant-repas-groupe-1-1536x1024.png 1536w, https:\/\/www.bestwestern-vannescentre.com\/wp-content\/uploads\/2024\/06\/Restaurant-repas-groupe-1-18x12.png 18w\" sizes=\"(max-width: 2048px) 100vw, 2048px\" title=\"\">\t\t\t\t\t\t\t\t<\/a>\n\t\t\t\t\t\t\t\t\t\t\t\t\t\t\t<\/div>\n\t\t\t\t<\/div>\n\t\t<div class=\"elementor-element elementor-element-6331f1c e-flex e-con-boxed e-con e-child\" data-id=\"6331f1c\" data-element_type=\"container\" data-settings=\"{&quot;background_background&quot;:&quot;classic&quot;}\">\n\t\t\t\t\t<div class=\"e-con-inner\">\n\t\t<div class=\"elementor-element elementor-element-f574fab e-flex e-con-boxed e-con e-child\" data-id=\"f574fab\" data-element_type=\"container\" data-settings=\"{&quot;background_background&quot;:&quot;classic&quot;}\">\n\t\t\t\t\t<div class=\"e-con-inner\">\n\t\t\t\t<div class=\"elementor-element elementor-element-b809185 elementor-widget elementor-widget-heading\" data-id=\"b809185\" data-element_type=\"widget\" data-widget_type=\"heading.default\">\n\t\t\t\t<div class=\"elementor-widget-container\">\n\t\t\t\t\t<h3 class=\"elementor-heading-title elementor-size-default\">Seminar<\/h3>\t\t\t\t<\/div>\n\t\t\t\t<\/div>\n\t\t\t\t<div class=\"elementor-element elementor-element-2a010c7 elementor-align-center elementor-widget elementor-widget-button\" data-id=\"2a010c7\" data-element_type=\"widget\" data-widget_type=\"button.default\">\n\t\t\t\t<div class=\"elementor-widget-container\">\n\t\t\t\t\t\t\t\t\t<div class=\"elementor-button-wrapper\">\n\t\t\t\t\t<a class=\"elementor-button elementor-button-link elementor-size-sm\" href=\"https:\/\/www.bestwestern-vannescentre.com\/de\/seminar-vannes\/\">\n\t\t\t\t\t\t<span class=\"elementor-button-content-wrapper\">\n\t\t\t\t\t\t\t\t\t<span class=\"elementor-button-text\">Mehr sehen<\/span>\n\t\t\t\t\t<\/span>\n\t\t\t\t\t<\/a>\n\t\t\t\t<\/div>\n\t\t\t\t\t\t\t\t<\/div>\n\t\t\t\t<\/div>\n\t\t\t\t\t<\/div>\n\t\t\t\t<\/div>\n\t\t\t\t\t<\/div>\n\t\t\t\t<\/div>\n\t\t\t\t\t<\/div>\n\t\t\t\t<\/div>\n\t\t<div class=\"elementor-element elementor-element-4edd3f9 e-flex e-con-boxed e-con e-child\" data-id=\"4edd3f9\" data-element_type=\"container\">\n\t\t\t\t\t<div class=\"e-con-inner\">\n\t\t\t\t<div class=\"elementor-element elementor-element-243b2c8 animated-slow elementor-invisible elementor-widget elementor-widget-image\" data-id=\"243b2c8\" data-element_type=\"widget\" data-settings=\"{&quot;_animation&quot;:&quot;fadeIn&quot;,&quot;_animation_delay&quot;:500}\" data-widget_type=\"image.default\">\n\t\t\t\t<div class=\"elementor-widget-container\">\n\t\t\t\t\t\t\t\t\t\t\t\t\t\t\t\t<a href=\"https:\/\/www.bestwestern-vannescentre.com\/de\/tourismus\/\">\n\t\t\t\t\t\t\t<img loading=\"lazy\" decoding=\"async\" width=\"2048\" height=\"1365\" src=\"https:\/\/www.bestwestern-vannescentre.com\/wp-content\/uploads\/2024\/06\/Maisons-a-colombages.png\" class=\"elementor-animation-sink attachment-full size-full wp-image-3889\" alt=\"\" srcset=\"https:\/\/www.bestwestern-vannescentre.com\/wp-content\/uploads\/2024\/06\/Maisons-a-colombages.png 2048w, https:\/\/www.bestwestern-vannescentre.com\/wp-content\/uploads\/2024\/06\/Maisons-a-colombages-300x200.png 300w, https:\/\/www.bestwestern-vannescentre.com\/wp-content\/uploads\/2024\/06\/Maisons-a-colombages-1024x683.png 1024w, https:\/\/www.bestwestern-vannescentre.com\/wp-content\/uploads\/2024\/06\/Maisons-a-colombages-768x512.png 768w, https:\/\/www.bestwestern-vannescentre.com\/wp-content\/uploads\/2024\/06\/Maisons-a-colombages-1536x1024.png 1536w, https:\/\/www.bestwestern-vannescentre.com\/wp-content\/uploads\/2024\/06\/Maisons-a-colombages-18x12.png 18w\" sizes=\"(max-width: 2048px) 100vw, 2048px\" title=\"\">\t\t\t\t\t\t\t\t<\/a>\n\t\t\t\t\t\t\t\t\t\t\t\t\t\t\t<\/div>\n\t\t\t\t<\/div>\n\t\t<div class=\"elementor-element elementor-element-c0f5e95 e-flex e-con-boxed e-con e-child\" data-id=\"c0f5e95\" data-element_type=\"container\" data-settings=\"{&quot;background_background&quot;:&quot;classic&quot;}\">\n\t\t\t\t\t<div class=\"e-con-inner\">\n\t\t<div class=\"elementor-element elementor-element-f0b5482 e-flex e-con-boxed e-con e-child\" data-id=\"f0b5482\" data-element_type=\"container\" data-settings=\"{&quot;background_background&quot;:&quot;classic&quot;}\">\n\t\t\t\t\t<div class=\"e-con-inner\">\n\t\t\t\t<div class=\"elementor-element elementor-element-5aea78d elementor-widget elementor-widget-heading\" data-id=\"5aea78d\" data-element_type=\"widget\" data-widget_type=\"heading.default\">\n\t\t\t\t<div class=\"elementor-widget-container\">\n\t\t\t\t\t<h3 class=\"elementor-heading-title elementor-size-default\">Tourismus<\/h3>\t\t\t\t<\/div>\n\t\t\t\t<\/div>\n\t\t\t\t<div class=\"elementor-element elementor-element-4aba9e9 elementor-align-center elementor-widget elementor-widget-button\" data-id=\"4aba9e9\" data-element_type=\"widget\" data-widget_type=\"button.default\">\n\t\t\t\t<div class=\"elementor-widget-container\">\n\t\t\t\t\t\t\t\t\t<div class=\"elementor-button-wrapper\">\n\t\t\t\t\t<a class=\"elementor-button elementor-button-link elementor-size-sm\" href=\"https:\/\/www.bestwestern-vannescentre.com\/de\/tourismus\/\">\n\t\t\t\t\t\t<span class=\"elementor-button-content-wrapper\">\n\t\t\t\t\t\t\t\t\t<span class=\"elementor-button-text\">Mehr sehen<\/span>\n\t\t\t\t\t<\/span>\n\t\t\t\t\t<\/a>\n\t\t\t\t<\/div>\n\t\t\t\t\t\t\t\t<\/div>\n\t\t\t\t<\/div>\n\t\t\t\t\t<\/div>\n\t\t\t\t<\/div>\n\t\t\t\t\t<\/div>\n\t\t\t\t<\/div>\n\t\t\t\t\t<\/div>\n\t\t\t\t<\/div>\n\t\t<div class=\"elementor-element elementor-element-7e5516d e-flex e-con-boxed e-con e-child\" data-id=\"7e5516d\" data-element_type=\"container\">\n\t\t\t\t\t<div class=\"e-con-inner\">\n\t\t\t\t<div class=\"elementor-element elementor-element-7a40de9 animated-slow elementor-invisible elementor-widget elementor-widget-image\" data-id=\"7a40de9\" data-element_type=\"widget\" data-settings=\"{&quot;_animation&quot;:&quot;fadeIn&quot;,&quot;_animation_delay&quot;:500}\" data-widget_type=\"image.default\">\n\t\t\t\t<div class=\"elementor-widget-container\">\n\t\t\t\t\t\t\t\t\t\t\t\t\t\t\t\t<a href=\"https:\/\/www.bestwestern-vannescentre.com\/de\/zimmer-hotel-4-sterne-vannes\/\">\n\t\t\t\t\t\t\t<img loading=\"lazy\" decoding=\"async\" width=\"2048\" height=\"1365\" src=\"https:\/\/www.bestwestern-vannescentre.com\/wp-content\/uploads\/2024\/06\/chambre-superieure-avec-balcon.png\" class=\"elementor-animation-sink attachment-full size-full wp-image-3748\" alt=\"\" srcset=\"https:\/\/www.bestwestern-vannescentre.com\/wp-content\/uploads\/2024\/06\/chambre-superieure-avec-balcon.png 2048w, https:\/\/www.bestwestern-vannescentre.com\/wp-content\/uploads\/2024\/06\/chambre-superieure-avec-balcon-300x200.png 300w, https:\/\/www.bestwestern-vannescentre.com\/wp-content\/uploads\/2024\/06\/chambre-superieure-avec-balcon-1024x683.png 1024w, https:\/\/www.bestwestern-vannescentre.com\/wp-content\/uploads\/2024\/06\/chambre-superieure-avec-balcon-768x512.png 768w, https:\/\/www.bestwestern-vannescentre.com\/wp-content\/uploads\/2024\/06\/chambre-superieure-avec-balcon-1536x1024.png 1536w, https:\/\/www.bestwestern-vannescentre.com\/wp-content\/uploads\/2024\/06\/chambre-superieure-avec-balcon-18x12.png 18w\" sizes=\"(max-width: 2048px) 100vw, 2048px\" title=\"\">\t\t\t\t\t\t\t\t<\/a>\n\t\t\t\t\t\t\t\t\t\t\t\t\t\t\t<\/div>\n\t\t\t\t<\/div>\n\t\t<div class=\"elementor-element elementor-element-f406ade e-flex e-con-boxed e-con e-child\" data-id=\"f406ade\" data-element_type=\"container\" data-settings=\"{&quot;background_background&quot;:&quot;classic&quot;}\">\n\t\t\t\t\t<div class=\"e-con-inner\">\n\t\t<div class=\"elementor-element elementor-element-8c02520 e-flex e-con-boxed e-con e-child\" data-id=\"8c02520\" data-element_type=\"container\" data-settings=\"{&quot;background_background&quot;:&quot;classic&quot;}\">\n\t\t\t\t\t<div class=\"e-con-inner\">\n\t\t\t\t<div class=\"elementor-element elementor-element-ef00b92 elementor-widget elementor-widget-heading\" data-id=\"ef00b92\" data-element_type=\"widget\" data-widget_type=\"heading.default\">\n\t\t\t\t<div class=\"elementor-widget-container\">\n\t\t\t\t\t<h3 class=\"elementor-heading-title elementor-size-default\">Zimmer<\/h3>\t\t\t\t<\/div>\n\t\t\t\t<\/div>\n\t\t\t\t<div class=\"elementor-element elementor-element-7c7f9cd elementor-align-center elementor-widget elementor-widget-button\" data-id=\"7c7f9cd\" data-element_type=\"widget\" data-widget_type=\"button.default\">\n\t\t\t\t<div class=\"elementor-widget-container\">\n\t\t\t\t\t\t\t\t\t<div class=\"elementor-button-wrapper\">\n\t\t\t\t\t<a class=\"elementor-button elementor-button-link elementor-size-sm\" href=\"https:\/\/www.bestwestern-vannescentre.com\/de\/zimmer-hotel-4-sterne-vannes\/\">\n\t\t\t\t\t\t<span class=\"elementor-button-content-wrapper\">\n\t\t\t\t\t\t\t\t\t<span class=\"elementor-button-text\">Mehr sehen<\/span>\n\t\t\t\t\t<\/span>\n\t\t\t\t\t<\/a>\n\t\t\t\t<\/div>\n\t\t\t\t\t\t\t\t<\/div>\n\t\t\t\t<\/div>\n\t\t\t\t\t<\/div>\n\t\t\t\t<\/div>\n\t\t\t\t\t<\/div>\n\t\t\t\t<\/div>\n\t\t\t\t\t<\/div>\n\t\t\t\t<\/div>\n\t\t\t\t\t<\/div>\n\t\t\t\t<\/div>\n\t\t\t\t\t<\/div>\n\t\t\t\t<\/div>\n\t\t\t\t<\/div>","protected":false},"excerpt":{"rendered":"<p>C\u00f4t\u00e9 Patio Ihr Restaurant in Vannes Zentrum Man kann nicht kochen, wenn man die Menschen nicht mag Unser Patio ist eine kleine Oase der Ruhe f\u00fcr eine ruhige Lesestunde, ein gem\u00fctliches Fr\u00fchst\u00fcck, ein Abendessen auf der Terrasse oder einfach nur f\u00fcr eine Erfrischung. Ein Restaurant im Herzen von Vannes C\u00f4t\u00e9 [...].<\/p>","protected":false},"author":7,"featured_media":0,"parent":0,"menu_order":0,"comment_status":"closed","ping_status":"closed","template":"","meta":{"_acf_changed":false,"inline_featured_image":false,"footnotes":""},"class_list":["post-61","page","type-page","status-publish","hentry"],"acf":[],"_links":{"self":[{"href":"https:\/\/www.bestwestern-vannescentre.com\/de\/wp-json\/wp\/v2\/pages\/61","targetHints":{"allow":["GET"]}}],"collection":[{"href":"https:\/\/www.bestwestern-vannescentre.com\/de\/wp-json\/wp\/v2\/pages"}],"about":[{"href":"https:\/\/www.bestwestern-vannescentre.com\/de\/wp-json\/wp\/v2\/types\/page"}],"author":[{"embeddable":true,"href":"https:\/\/www.bestwestern-vannescentre.com\/de\/wp-json\/wp\/v2\/users\/7"}],"replies":[{"embeddable":true,"href":"https:\/\/www.bestwestern-vannescentre.com\/de\/wp-json\/wp\/v2\/comments?post=61"}],"version-history":[{"count":334,"href":"https:\/\/www.bestwestern-vannescentre.com\/de\/wp-json\/wp\/v2\/pages\/61\/revisions"}],"predecessor-version":[{"id":6145,"href":"https:\/\/www.bestwestern-vannescentre.com\/de\/wp-json\/wp\/v2\/pages\/61\/revisions\/6145"}],"wp:attachment":[{"href":"https:\/\/www.bestwestern-vannescentre.com\/de\/wp-json\/wp\/v2\/media?parent=61"}],"curies":[{"name":"wp","href":"https:\/\/api.w.org\/{rel}","templated":true}]}}